{"id":10664,"date":"2018-03-12T17:27:37","date_gmt":"2018-03-12T16:27:37","guid":{"rendered":"https:\/\/translate.rawie.de\/datenschutz\/"},"modified":"2026-06-22T15:28:38","modified_gmt":"2026-06-22T13:28:38","slug":"declaration-de-protection-des-donnees","status":"publish","type":"page","link":"https:\/\/rawie.de\/fr\/declaration-de-protection-des-donnees\/","title":{"rendered":"Declaration De Protection Des Donnees"},"content":{"rendered":"\n<style type=\"text\/css\" data-created_by=\"avia_inline_auto\" id=\"style-css-av-j952p4-eac470344c3cba9bd93967451559294c\">\n.avia-section.av-j952p4-eac470344c3cba9bd93967451559294c .av-parallax .av-parallax-inner{\nbackground-repeat:no-repeat;\nbackground-image:url(https:\/\/rawie.de\/wp-content\/uploads\/2018\/10\/00_datenschutz_headerbild_04102018.jpg);\nbackground-position:50% 0%;\nbackground-attachment:scroll;\n}\n<\/style>\n<div id='datenschutz_header_img'  class='avia-section av-j952p4-eac470344c3cba9bd93967451559294c main_color avia-section-default avia-no-border-styling  avia-builder-el-0  el_before_av_section  avia-builder-el-first  av-parallax-section avia-bg-style-parallax av-minimum-height av-minimum-height-custom av-height-custom  container_wrap sidebar_right'  data-section-bg-repeat='no-repeat' data-av_minimum_height_px='500'><div class='av-parallax' data-avia-parallax-ratio='0.3' ><div class='av-parallax-inner main_color avia-full-stretch'><\/div><\/div><div class='container av-section-cont-open' style='height:500px'><main  role=\"main\" itemprop=\"mainContentOfPage\"  class='template-page content  av-content-small alpha units'><div class='post-entry post-entry-type-page post-entry-10664'><div class='entry-content-wrapper clearfix'>\n<\/div><\/div><\/main><!-- close content main element --><\/div><\/div><div id='impressum'  class='avia-section av-4xrzbig-9b255307bdaf9a5b50d286a291976aa0 main_color avia-section-large avia-no-border-styling  avia-builder-el-1  el_after_av_section  el_before_av_section  avia-bg-style-scroll container_wrap sidebar_right'  ><div class='container av-section-cont-open' ><div class='template-page content  av-content-small alpha units'><div class='post-entry post-entry-type-page post-entry-10664'><div class='entry-content-wrapper clearfix'>\n\n<style type=\"text\/css\" data-created_by=\"avia_inline_auto\" id=\"style-css-av-48dhibs-3eb30cc729616c8e2a5cce45e862a93f\">\n#top .flex_column.av-48dhibs-3eb30cc729616c8e2a5cce45e862a93f{\nmargin-top:0px;\nmargin-bottom:0px;\n}\n.flex_column.av-48dhibs-3eb30cc729616c8e2a5cce45e862a93f{\nborder-radius:0px 0px 0px 0px;\npadding:0px 0px 0px 0px;\n}\n.responsive #top #wrap_all .flex_column.av-48dhibs-3eb30cc729616c8e2a5cce45e862a93f{\nmargin-top:0px;\nmargin-bottom:0px;\n}\n<\/style>\n<div  class='flex_column av-48dhibs-3eb30cc729616c8e2a5cce45e862a93f av_one_full  avia-builder-el-2  el_before_av_one_full  avia-builder-el-first  first flex_column_div av-zero-column-padding  '     ><style type=\"text\/css\" data-created_by=\"avia_inline_auto\" id=\"style-css-av-av_heading-8e6c96fcaef2e763fc6d3decc8073ac6\">\n#top .av-special-heading.av-av_heading-8e6c96fcaef2e763fc6d3decc8073ac6{\npadding-bottom:10px;\ncolor:#014a94;\n}\nbody .av-special-heading.av-av_heading-8e6c96fcaef2e763fc6d3decc8073ac6 .av-special-heading-tag .heading-char{\nfont-size:25px;\n}\n.av-special-heading.av-av_heading-8e6c96fcaef2e763fc6d3decc8073ac6 .special-heading-inner-border{\nborder-color:#014a94;\n}\n.av-special-heading.av-av_heading-8e6c96fcaef2e763fc6d3decc8073ac6 .av-subheading{\nfont-size:15px;\n}\n<\/style>\n<div  class='av-special-heading av-av_heading-8e6c96fcaef2e763fc6d3decc8073ac6 av-special-heading-h1 custom-color-heading blockquote modern-quote  avia-builder-el-3  avia-builder-el-no-sibling '><h1 class='av-special-heading-tag '  itemprop=\"headline\"  >Declaration De Protection Des Donnees<\/h1><div class='av_custom_color av-subheading av-subheading_below'><p>Validite Et Contact<\/p>\n<\/div><div class=\"special-heading-border\"><div class=\"special-heading-inner-border\"><\/div><\/div><\/div><\/div>\n<style type=\"text\/css\" data-created_by=\"avia_inline_auto\" id=\"style-css-av-3ghke2w-e8c5c2dad50b2cd1b5eaf33822927b28\">\n#top .flex_column.av-3ghke2w-e8c5c2dad50b2cd1b5eaf33822927b28{\nmargin-top:10px;\nmargin-bottom:10px;\n}\n.flex_column.av-3ghke2w-e8c5c2dad50b2cd1b5eaf33822927b28{\nborder-radius:0px 0px 0px 0px;\npadding:0px 0px 0px 0px;\n}\n.responsive #top #wrap_all .flex_column.av-3ghke2w-e8c5c2dad50b2cd1b5eaf33822927b28{\nmargin-top:10px;\nmargin-bottom:10px;\n}\n<\/style>\n<div  class='flex_column av-3ghke2w-e8c5c2dad50b2cd1b5eaf33822927b28 av_one_full  avia-builder-el-4  el_after_av_one_full  avia-builder-el-last  first flex_column_div av-zero-column-padding  column-top-margin'     ><section  class='av_textblock_section av-2tsy8qw-ba640ff268dcff1c1d9908954bb2973d '   itemscope=\"itemscope\" itemtype=\"https:\/\/schema.org\/CreativeWork\" ><div class='avia_textblock'  itemprop=\"text\" ><h3>AVIS DE CONFIDENTIALITE<\/h3>\n<p>Nous sommes tr\u00e8s heureux de l\u2019int\u00e9r\u00eat que vous portez \u00e0 notre page d\u2019accueil. La protection de vos donn\u00e9es \u00e0 caract\u00e8re personnel lors de la collecte, du traitement et de l&rsquo;utilisation \u00e0 l&rsquo;occasion de votre visite sur notre page d&rsquo;accueil est tr\u00e8s importante pour nous. Vos donn\u00e9es sont prot\u00e9g\u00e9es conform\u00e9ment aux dispositions l\u00e9gales. Veuillez prendre le temps de lire les informations ci-dessous. Elles vous fournissent des renseignements sur la fa\u00e7on dont nous traitons vos donn\u00e9es personnelles, comment et \u00e0 quelles fins ces donn\u00e9es sont utilis\u00e9es, \u00e0 qui nous transmettons ces donn\u00e9es et comment nous prot\u00e9geons vos donn\u00e9es personnelles. Vos droits individuels sont notre priorit\u00e9 absolue et nous faisons de notre mieux pour prot\u00e9ger et garantir ces droits.<\/p>\n<h3 id=\"declaration-de-protection-des-donnees-1\">1. Responsable du traitement<\/h3>\n<p>Conform\u00e9ment \u00e0 l\u2019Article 4, alin\u00e9a 7 du r\u00e8glement g\u00e9n\u00e9ral sur la protection des donn\u00e9es (RGPD), le responsable du traitement est :<\/p>\n<p>A. RAWIE GmbH &amp; Co. KG<br \/>\nNienburger Stra\u00dfe 8<br \/>\n49597 Rieste<br \/>\nALLEMAGNE<\/p>\n<p>T +49 (0) 5464 96920-0<br \/>\n<a href=\"mailto:schrankenbau@rawie.de\">schrankenbau@rawie.de<\/a><br \/>\n<a href=\"mailto:prellbockbau@rawie.de\">prellbockbau@rawie.de<\/a><br \/>\n<a href=\"https:\/\/rawie.de\/fr\/\">www.rawie.de<\/a><\/p>\n<h3 id=\"declaration-de-protection-des-donnees-2\">2. Coordonn\u00e9es du d\u00e9l\u00e9gu\u00e9 \u00e0 la protection des donn\u00e9es<\/h3>\n<p>Vous pouvez contacter notre d\u00e9l\u00e9gu\u00e9 \u00e0 la protection des donn\u00e9es \u00e0 l\u2019adresse suivante :<\/p>\n<p>Markus Dettmer<br \/>\nA. RAWIE GmbH &amp; Co. KG<br \/>\nNienburger Stra\u00dfe 8<br \/>\n49597 Rieste<br \/>\nAllemagne<br \/>\n<a href=\"mailto:datenschutz@rawie.de\">datenschutz@rawie.de<\/a><\/p>\n<p>ou en ajoutant la mention \u00ab D\u00e9l\u00e9gu\u00e9 \u00e0 la protection des donn\u00e9es \u00bb \u00e0 notre adresse postale.<\/p>\n<h3 id=\"declaration-de-protection-des-donnees-3\">3. Collecte des donn\u00e9es \u00e0 caract\u00e8re personnel lors de la visite de notre site Web<\/h3>\n<p>Lorsque vous acc\u00e9dez \u00e0 notre site Web, des informations d\u2019ordre g\u00e9n\u00e9ral sont automatiquement saisies. Ces informations (fichiers journaux du serveur) comprennent par exemple :<\/p>\n<ul>\n<li>Adresse IP<\/li>\n<li>Date et heure de la demande<\/li>\n<li>D\u00e9calage horaire entre l\u2019heure GMT (Greenwich Mean Time) et l\u2019heure de votre pays de r\u00e9sidence<\/li>\n<li>Contenu de la demande (page concr\u00e8te)<\/li>\n<li>Statut d\u2019acc\u00e8s\/code de statut HTTP<\/li>\n<li>Quantit\u00e9 de donn\u00e9es respectivement transmises<\/li>\n<li>Site Web d\u2019o\u00f9 provient la demande<\/li>\n<li>Navigateur<\/li>\n<li>Syst\u00e8me d\u2019exploitation et sa surface<\/li>\n<li>Langue et version du logiciel de navigateur<\/li>\n<\/ul>\n<p>Elles sont trait\u00e9es notamment aux fins suivantes :<\/p>\n<ul>\n<li>Assurer une connexion sans probl\u00e8me au site Web<\/li>\n<li>Assurer une utilisation optimale de notre site Web<\/li>\n<li>\u00c9valuation de la s\u00e9curit\u00e9 et de la stabilit\u00e9 du syst\u00e8me ainsi qu\u2019<\/li>\n<li>\u00e0 d&rsquo;autres fins administratives<\/li>\n<\/ul>\n<p>Notre int\u00e9r\u00eat l\u00e9gitime au traitement des donn\u00e9es r\u00e9side \u00e9galement dans ces finalit\u00e9s. Nous n&rsquo;utilisons pas vos donn\u00e9es pour vous identifier en tant que personne. Le cas \u00e9ch\u00e9ant, nous pouvons proc\u00e9der \u00e0 une \u00e9valuation statistique des informations de ce type, afin d&rsquo;optimiser notre pr\u00e9sence sur Internet et la technologie sous-jacente.<\/p>\n<p>Conform\u00e9ment \u00e0 l&rsquo;Article 6, alin\u00e9a 1, lettre f) du RGPD, le traitement s\u2019effectue sur la base de notre int\u00e9r\u00eat l\u00e9gitime \u00e0 am\u00e9liorer la stabilit\u00e9 et la fonctionnalit\u00e9 de notre site Web. Les destinataires des donn\u00e9es sont des prestataires techniques qui agissent en tant que sous-traitants pour l&rsquo;exploitation et la maintenance de notre site Web. Les donn\u00e9es sont supprim\u00e9es d\u00e8s qu&rsquo;elles ne sont plus n\u00e9cessaires pour la collecte. C\u2019est en principe le cas pour les donn\u00e9es destin\u00e9es \u00e0 la mise \u00e0 disposition du site Web lorsque la session est termin\u00e9e.<\/p>\n<p>La fourniture des donn\u00e9es \u00e0 caract\u00e8re personnel mentionn\u00e9es pr\u00e9c\u00e9demment n&rsquo;est ni l\u00e9galement ni contractuellement requise. Sans l&rsquo;adresse IP, cependant, le service et la fonctionnalit\u00e9 de notre site Web ne peuvent pas \u00eatre garantis. De plus, certaines prestations et services peuvent ne pas \u00eatre disponibles ou \u00eatre limit\u00e9s. Pour cette raison, une opposition est exclue.<\/p>\n<h3 id=\"declaration-de-protection-des-donnees-4\">4. Informations g\u00e9n\u00e9rales sur l&rsquo;utilisation des cookies et autres technologies<\/h3>\n<p>Comme de nombreux autres sites Web, nous utilisons \u00e9galement des \u00ab cookies \u00bb. Les cookies sont de petits fichiers texte qui sont stock\u00e9s sur votre appareil (ordinateur portable, tablette, smartphone, etc.) lorsque vous visitez notre site Web, afin de rendre l&rsquo;exp\u00e9rience utilisateur plus efficace.<\/p>\n<p>Nous pouvons enregistrer des cookies sur votre appareil s&rsquo;ils sont absolument n\u00e9cessaires au fonctionnement de ce site. L&rsquo;utilisation de ces cookies techniquement n\u00e9cessaires a pour but de simplifier l&rsquo;utilisation des sites Web pour les utilisateurs. Conform\u00e9ment \u00e0 l&rsquo;Article 6, alin\u00e9a 1, lettre f du RGPD, le traitement s\u2019effectue sur la base de notre int\u00e9r\u00eat l\u00e9gitime \u00e0 am\u00e9liorer la conception conviviale de notre site Web. La fourniture des donn\u00e9es \u00e0 caract\u00e8re personnel mentionn\u00e9es pr\u00e9c\u00e9demment n&rsquo;est ni l\u00e9galement ni contractuellement requise. Sans ces donn\u00e9es, cependant, le service et la fonctionnalit\u00e9 de notre site Web ne peuvent pas \u00eatre garantis. De plus, certaines prestations et services peuvent ne pas \u00eatre disponibles ou \u00eatre limit\u00e9s.<\/p>\n<p>Nous avons besoin de votre autorisation pour tous les autres types de cookies, \u00e9ventuellement mis en \u0153uvre par des tiers. La base juridique de ces traitements est votre consentement actif, Article 6, alin\u00e9a 1, lettre a du RGPD. Bien entendu, vous pouvez \u00e9galement consulter notre site Web sans cookies. En g\u00e9n\u00e9ral, vous pouvez \u00e0 tout moment d\u00e9sactiver l&rsquo;utilisation des cookies par les param\u00e8tres de votre navigateur. Selon le fournisseur de votre navigateur, vous pourrez trouver les informations n\u00e9cessaires en consultant les liens suivants :<\/p>\n<p>Mozilla Firefox : <a href=\"https:\/\/support.mozilla.org\/de\/kb\/cookies-loeschen-daten-von-websites-entfernen\" target=\"_blank\" rel=\"noopener\">https:\/\/support.mozilla.org\/de\/kb\/cookies-loeschen-daten-von-websites-entfernen<\/a><\/p>\n<p>Internet Explorer\/Microsoft Edge : <a href=\"https:\/\/support.microsoft.com\/de-de\/help\/17442\/windows-internet-explorer-delete-manage-cookies\" target=\"_blank\" rel=\"noopener\">https:\/\/support.microsoft.com\/de-de\/help\/17442\/windows-internet-explorer-delete-manage-cookies<\/a><\/p>\n<p>Google Chrome: <a href=\"https:\/\/support.google.com\/accounts\/answer\/61416?hl=de\" target=\"_blank\" rel=\"noopener\">https:\/\/support.google.com\/accounts\/answer\/61416?hl=de<\/a><\/p>\n<p>Opera: <a href=\"https:\/\/www.opera.com\/de\/help\" target=\"_blank\" rel=\"noopener\">https:\/\/www.opera.com\/de\/help<\/a><\/p>\n<p>Safari: <a href=\"https:\/\/support.apple.com\/kb\/PH17191?locale=de_DE&amp;viewlocale=de_DE\" target=\"_blank\" rel=\"noopener\">https:\/\/support.apple.com\/kb\/PH17191?locale=de_DE&amp;viewlocale=de_DE<\/a><\/p>\n<p>Vous pouvez \u00e9galement r\u00e9voquer <a class=\"borlabs-cookie-preference\" href=\"#\" target=\"_blank\" rel=\"noopener\">ici<\/a> \u00e0 tout moment votre consentement en utilisant notre outil de consentement cookies.<br \/>\nLes destinataires des donn\u00e9es sont des prestataires techniques qui agissent en tant que sous-traitants pour l&rsquo;exploitation et la maintenance de notre site Web.<\/p>\n<h3 id=\"declaration-de-protection-des-donnees-5\">5. Utilisation de Google Maps<\/h3>\n<p>Nous utilisons Google Maps sur ce site Web. Google Maps est exploit\u00e9 par Google LLC, 1600 Amphitheatre Parkway, Mountain View, CA 94043, USA (ci-apr\u00e8s \u00ab Google \u00bb). Nous pouvons ainsi vous montrer des cartes interactives directement sur le site Web et vous permettre d\u2019utiliser facilement la fonction de carte.<\/p>\n<p>Vous trouverez plus d&rsquo;informations sur le traitement des donn\u00e9es par Google dans <a href=\"http:\/\/www.google.com\/privacypolicy.html\" target=\"_blank\" rel=\"noopener\">les informations sur la protection des donn\u00e9es de Google<\/a>. Vous pouvez \u00e9galement modifier vos param\u00e8tres de protection des donn\u00e9es personnelles dans le centre de protection des donn\u00e9es.<\/p>\n<p>La base l\u00e9gale pour l&rsquo;int\u00e9gration de Google Maps et le transfert de donn\u00e9es associ\u00e9 vers Google est votre consentement (Article 6, alin\u00e9a 1, lettre a du RGPD). Cela se produit seulement lorsque vous d\u00e9marrez Google Maps avec un \u00ab clic \u00bb ou que votre consentement est donn\u00e9 au pr\u00e9alable par notre banni\u00e8re de consentement aux cookies. Lorsque vous visitez le site Web, Google re\u00e7oit les informations selon lesquelles vous avez acc\u00e9d\u00e9 \u00e0 la sous-page correspondante de notre site Web. Cela se produit ind\u00e9pendamment du fait que Google fournisse un compte utilisateur auquel vous \u00eates connect\u00e9 ou qu&rsquo;il n&rsquo;y ait pas de compte utilisateur. Si vous \u00eates connect\u00e9 \u00e0 Google, vos donn\u00e9es seront directement affect\u00e9es \u00e0 votre compte.<\/p>\n<p>Si vous ne souhaitez pas que l&rsquo;affectation soit dans votre profil Google, vous devez vous d\u00e9connecter de Google avant d&rsquo;activer la touche. Google enregistre vos donn\u00e9es en tant que profil d&rsquo;utilisation et les utilise pour la publicit\u00e9, les \u00e9tudes de march\u00e9 et\/ou la conception de son site Web en fonction des besoins. Cette \u00e9valuation est r\u00e9alis\u00e9e notamment (m\u00eame pour les utilisateurs non connect\u00e9s) pour fournir de la publicit\u00e9 en fonction des besoins et pour informer les autres utilisateurs du r\u00e9seau social de vos activit\u00e9s sur notre site Web. Vous avez le droit de vous opposer \u00e0 la cr\u00e9ation de ces profils utilisateurs. Vous devez alors contacter Google pour exercer ce droit.<\/p>\n<p>La soci\u00e9t\u00e9 Rawie ne collecte aucune donn\u00e9e \u00e0 caract\u00e8re personnel par l&rsquo;int\u00e9gration de Google Maps.<\/p>\n<p>Si vous ne souhaitez pas que Google collecte, traite ou utilise des donn\u00e9es vous concernant par notre site Web, vous pouvez d\u00e9sactiver JavaScript dans les param\u00e8tres de votre navigateur. Dans ce cas, cependant, vous ne pouvez pas utiliser notre site Web, ou seulement dans une mesure limit\u00e9e. Vous pouvez \u00e9galement annuler la transmission de donn\u00e9es \u00e0 Google <a class=\"borlabs-cookie-preference\" href=\"#\">ici<\/a> dans nos param\u00e8tres de cookies.<\/p>\n<p>Fourniture prescrite ou n\u00e9cessaire : La fourniture de vos donn\u00e9es \u00e0 caract\u00e8re personnel est volontaire, bas\u00e9e uniquement sur votre consentement. Si vous emp\u00eachez l&rsquo;acc\u00e8s, cela peut entra\u00eener des limitations de fonction sur le site Web.<\/p>\n<h3 id=\"declaration-de-protection-des-donnees-6\">6. Prise de contact<\/h3>\n<p>Les donn\u00e9es que vous saisissez seront enregistr\u00e9es pour permettre de communiquer personnellement avec vous. Il est n\u00e9cessaire que vous fournissiez alors une adresse \u00e9lectronique valide. La saisie du nom n\u2019est pas n\u00e9cessaire, mais elle nous aide \u00e0 r\u00e9partir correctement la question et \u00e0 y r\u00e9pondre. L&rsquo;indication d&rsquo;autres donn\u00e9es est facultative.<\/p>\n<p>Les donn\u00e9es saisies dans le formulaire de contact sont trait\u00e9es uniquement sur la base d\u2019un int\u00e9r\u00eat l\u00e9gitime (Article 6, alin\u00e9a 1, lettre f du RGPD). En fournissant le formulaire de contact, nous souhaitons vous permettre de nous contacter facilement. Les informations que vous fournissez seront enregistr\u00e9es pour traiter la demande et pour d&rsquo;\u00e9ventuelles questions de suivi. Si vous nous contactez pour demander une offre, les donn\u00e9es saisies dans le formulaire de contact seront trait\u00e9es pour ex\u00e9cuter des mesures pr\u00e9-contractuelles (Article 6, alin\u00e9a 1, lettre b du RGPD).<\/p>\n<p>Il peut arriver que nos fournisseurs de services informatiques traitent des donn\u00e9es dans des pays tiers en dehors de l&rsquo;Union europ\u00e9enne, qui ne b\u00e9n\u00e9ficient pas d&rsquo;une d\u00e9cision de la Commission europ\u00e9enne relative au caract\u00e8re ad\u00e9quat. Si cela s\u2019av\u00e8re n\u00e9cessaire, nous concluons des clauses contractuelles types de la Commission europ\u00e9enne avec ces prestataires de services et apportons des garanties suppl\u00e9mentaires pour prot\u00e9ger vos donn\u00e9es, afin de respecter le niveau accord\u00e9 dans l&rsquo;Union europ\u00e9enne conform\u00e9ment \u00e0 la d\u00e9cision de la Cour de justice de l\u2019Union europ\u00e9enne (CJCE) C-311\/18 (d\u00e9cision Schrems II). Vous pouvez consulter les documents pertinents aupr\u00e8s de notre d\u00e9l\u00e9gu\u00e9 \u00e0 la protection des donn\u00e9es. Aucune diffusion \u00e0 des tiers n&rsquo;est effectu\u00e9e.<br \/>\nVos donn\u00e9es seront supprim\u00e9es au plus tard 6 mois apr\u00e8s le traitement de la demande. S&rsquo;il existe une relation contractuelle, nous sommes soumis aux d\u00e9lais de conservation l\u00e9gaux selon le code du commerce allemand [HGB] et supprimons vos donn\u00e9es apr\u00e8s l&rsquo;expiration de ces d\u00e9lais. La fourniture de vos donn\u00e9es \u00e0 caract\u00e8re personnel est volontaire. Cependant, nous ne pouvons traiter votre demande que si vous nous communiquez votre nom, votre adresse \u00e9lectronique et le motif de la demande.<\/p>\n<h3 id=\"declaration-de-protection-des-donnees-7\">7. Traitement de vos donn\u00e9es dans le cadre de la communication commerciale et pour le traitement des op\u00e9rations commerciales<\/h3>\n<p>Nous collectons et traitons vos donn\u00e9es afin de pouvoir communiquer avec vous \u00e0 des fins commerciales. Cela peut se faire pour nouer des contacts commerciaux ou pour remplir des obligations contractuelles et l\u00e9gales, pour proposer des produits et des services, ainsi que pour renforcer la relation client, qui est \u00e9galement notre int\u00e9r\u00eat l\u00e9gitime dans le traitement des donn\u00e9es. Sans une indication de vos donn\u00e9es \u00e0 caract\u00e8re personnel, nous ne pouvons souvent pas atteindre les objectifs mentionn\u00e9s pr\u00e9c\u00e9demment.<br \/>\nEn fonction de la phase de contact que nous avons \u00e9tabli avec vous, le traitement de vos donn\u00e9es repose sur les bases juridiques suivantes :<\/p>\n<ul>\n<li>pour ex\u00e9cuter des mesures pr\u00e9-contractuelles ou pour ex\u00e9cuter un contrat, l&rsquo;Article 6, alin\u00e9a 1, lettre b) du RGPD s\u2019applique,<\/li>\n<li>pour remplir les obligations l\u00e9gales auxquelles nous sommes soumis, l&rsquo;Article 6, alin\u00e9a 1, lettre c) du RGPD s\u2019applique,<\/li>\n<li>pour pr\u00e9server nos int\u00e9r\u00eats l\u00e9gitimes, l&rsquo;Article 6, alin\u00e9a 1, lettre f) du RGPD s\u2019applique,<\/li>\n<li>si vous nous avez donn\u00e9 votre consentement au traitement des donn\u00e9es, l&rsquo;Article 6, alin\u00e9a 1, lettre a) du RGPD s\u2019applique.<\/li>\n<\/ul>\n<p>Au sein de notre entreprise, nous veillons \u00e0 ce que seules les personnes qui en ont besoin re\u00e7oivent vos donn\u00e9es pour remplir les obligations contractuelles et l\u00e9gales. Selon le type de relation d&rsquo;affaires que nous avons \u00e9tablie avec vous, la transmission de donn\u00e9es \u00e0 des partenaires et des entreprises de fabrication s\u2019effectuer pour ex\u00e9cuter un contrat. Dans certains cas, nous utilisons d&rsquo;autres prestataires de services pour traiter les op\u00e9rations commerciales. Il peut s&rsquo;agir, par exemple, de services de colis, de banques, de fournisseurs de services Internet, de fournisseurs de services informatiques et de conseillers fiscaux. Il peut arriver que nos fournisseurs de services informatiques traitent des donn\u00e9es dans des pays tiers en dehors de l&rsquo;Union europ\u00e9enne, qui ne b\u00e9n\u00e9ficient pas d&rsquo;une d\u00e9cision de la Commission europ\u00e9enne relative au caract\u00e8re ad\u00e9quat. Si cela s\u2019av\u00e8re n\u00e9cessaire, nous concluons des clauses contractuelles types de la Commission europ\u00e9enne avec ces prestataires de services et apportons des garanties suppl\u00e9mentaires pour prot\u00e9ger vos donn\u00e9es, afin de respecter le niveau accord\u00e9 dans l&rsquo;Union europ\u00e9enne conform\u00e9ment \u00e0 la d\u00e9cision de la Cour de justice de l\u2019Union europ\u00e9enne (CJCE) C-311\/18 (d\u00e9cision Schrems II). Vous pouvez consulter les documents pertinents aupr\u00e8s de notre d\u00e9l\u00e9gu\u00e9 \u00e0 la protection des donn\u00e9es. Aucune diffusion \u00e0 des tiers n&rsquo;est effectu\u00e9e.<\/p>\n<p>Vos donn\u00e9es \u00e0 caract\u00e8re personnel seront supprim\u00e9es ou bloqu\u00e9es d\u00e8s que la finalit\u00e9 du stockage ne s&rsquo;appliquera plus. La finalit\u00e9 r\u00e9sulte du contenu de la communication et de l\u2019op\u00e9ration commerciale correspondante. Les d\u00e9lais de conservation \u00e0 respecter dans ce cas ne peuvent pas \u00eatre sp\u00e9cifi\u00e9s de mani\u00e8re g\u00e9n\u00e9rale, mais doivent \u00eatre d\u00e9termin\u00e9s pour l&rsquo;op\u00e9ration commerciale dans chaque cas pr\u00e9cis. En r\u00e8gle g\u00e9n\u00e9rale, les donn\u00e9es sont conserv\u00e9es pour respecter les d\u00e9lais de conservation du droit commercial et fiscal (g\u00e9n\u00e9ralement six ou dix ans), \u00e0 moins qu&rsquo;une conservation plus longue ne soit n\u00e9cessaire pour d\u00e9fendre des pr\u00e9tentions l\u00e9gales. Une obligation de fournir vos donn\u00e9es \u00e0 caract\u00e8re personnel peut parfois r\u00e9sulter de la relation contractuelle respective.<\/p>\n<h3 id=\"declaration-de-protection-des-donnees-8\">8. Vos droits<\/h3>\n<p>Vous avez envers nous les droits suivants \u00e0 propos des donn\u00e9es \u00e0 caract\u00e8re personnel vous concernant :<\/p>\n<ul>\n<li>Droit d&rsquo;acc\u00e8s, Article15 du RGPD<\/li>\n<li>Droit de rectification ou \u00e0 l\u2019effacement, Article 16 du RGPD, Article 17 du RGPD<\/li>\n<li>Droit \u00e0 la limitation du traitement, Article 18 du RGPD<\/li>\n<li>Droit de faire opposition au traitement, Article 21 du RGPD<\/li>\n<li>Droit \u00e0 la portabilit\u00e9 des donn\u00e9es. Article 20 du RGPD<\/li>\n<\/ul>\n<p>Si vous nous avez donn\u00e9 votre consentement, vous pouvez le r\u00e9voquer \u00e0 tout moment avec effet pour l&rsquo;avenir. Vous pouvez \u00e0 tout moment introduire une r\u00e9clamation aupr\u00e8s d\u2019une autorit\u00e9 de contr\u00f4le, par ex. l&rsquo;autorit\u00e9 de contr\u00f4le comp\u00e9tente de l&rsquo;\u00c9tat f\u00e9d\u00e9ral de votre lieu de r\u00e9sidence ou l&rsquo;autorit\u00e9 comp\u00e9tente, dont nous d\u00e9pendons, en tant qu&rsquo;organe responsable. Une liste des autorit\u00e9s de contr\u00f4le (pour le domaine non public) avec leurs adresses est disponible sur le site suivant : <a href=\"https:\/\/www.bfdi.bund.de\/DE\/Infothek\/Anschriften_Links\/anschriften_links-node.html\" target=\"_blank\" rel=\"noopener\">https:\/\/www.bfdi.bund.de\/DE\/Infothek\/Anschriften_Links\/anschriften_links-node.html<\/a><\/p>\n<h3 id=\"declaration-de-protection-des-donnees-9\">9. Utilisation et exploitation des diff\u00e9rents r\u00e9seaux sociaux<\/h3>\n<p>La soci\u00e9t\u00e9 Rawie entretient des profils d&rsquo;entreprise sur divers r\u00e9seaux sociaux, actuellement Facebook et Instagram. Ces pr\u00e9sences sur les r\u00e9seaux servent \u00e0 faire conna\u00eetre l&rsquo;entreprise et \u00e0 cr\u00e9er des canaux de contact pour les personnes int\u00e9ress\u00e9es et les clients. Nous proposons parfois des liens vers ces pr\u00e9sences sur notre page d&rsquo;accueil.<\/p>\n<p>Si vous utilisez nos profils sur les r\u00e9seaux sociaux pour nous contacter (par exemple en cr\u00e9ant vos propres messages, en r\u00e9pondant \u00e0 l&rsquo;un de nos messages ou en nous envoyant des messages priv\u00e9s), les donn\u00e9es que vous nous avez communiqu\u00e9es seront trait\u00e9es par nous exclusivement \u00e0 cette fin, afin de pouvoir vous contacter pour traiter votre demande.<\/p>\n<p>Cependant, nous attirons votre attention sur le fait que vos donn\u00e9es \u00e0 caract\u00e8re personnel seront \u00e9galement collect\u00e9es, utilis\u00e9es et stock\u00e9es par l&rsquo;op\u00e9rateur du r\u00e9seau social lorsque vous visitez nos profils sur les r\u00e9seaux mentionn\u00e9s pr\u00e9c\u00e9demment. Cela se produit \u00e9galement si vous n&rsquo;avez pas vous-m\u00eame de profil dans le r\u00e9seau social. Les op\u00e9rations de traitement de donn\u00e9es individuelles et leur port\u00e9e diff\u00e8rent selon l&rsquo;op\u00e9rateur du r\u00e9seau social et nous ne les comprenons pas n\u00e9cessairement. Il n&rsquo;est donc pas exclu que vos donn\u00e9es soient trait\u00e9es par le fournisseur de la plateforme \u00e0 des fins d&rsquo;\u00e9tudes de march\u00e9 et de publicit\u00e9. Par exemple, des profils d&rsquo;utilisation peuvent \u00eatre cr\u00e9\u00e9s \u00e0 partir du comportement des utilisateurs et des int\u00e9r\u00eats en r\u00e9sultant des utilisateurs. Ces profils d&rsquo;utilisation peuvent \u00e0 leur tour \u00eatre utilis\u00e9s, par exemple, pour placer des publicit\u00e9s \u00e0 l&rsquo;int\u00e9rieur et \u00e0 l&rsquo;ext\u00e9rieur des plates-formes qui correspondent vraisemblablement aux int\u00e9r\u00eats des utilisateurs. En outre, les donn\u00e9es des appareils utilis\u00e9s par les utilisateurs, ainsi que les donn\u00e9es de localisation et d&rsquo;autres m\u00e9ta-donn\u00e9es peuvent \u00e9galement \u00eatre enregistr\u00e9es dans les profils d&rsquo;utilisation. \u00c0 ces fins, entre autres, des cookies sont g\u00e9n\u00e9ralement stock\u00e9s sur les ordinateurs des utilisateurs, dans lesquels le comportement des utilisateurs et les int\u00e9r\u00eats des utilisateurs sont enregistr\u00e9s. De plus, la plupart des plateformes utilisent des pixels espions.<\/p>\n<p>Pour une description d\u00e9taill\u00e9e des traitements respectifs et des possibilit\u00e9s d&rsquo;opposition (opt-out ou non-participation), nous renvoyons aux informations li\u00e9es suivantes du fournisseur respectif :<\/p>\n<p>Plus de d\u00e9tails sur la page fan Facebook : en tant qu&rsquo;exploitant d&rsquo;une page fan Facebook, nous ne pouvons voir que les informations stock\u00e9es sur votre profil public Facebook, et uniquement si vous avez un tel profil et que vous y \u00eates connect\u00e9 pendant que vous consultez notre page fan. De plus, Facebook nous fournit des statistiques d&rsquo;utilisation anonymes que nous utilisons pour am\u00e9liorer l&rsquo;exp\u00e9rience utilisateur lors de la visite de notre page fan. Cependant, nous n&rsquo;avons pas acc\u00e8s aux donn\u00e9es d&rsquo;utilisation individuelles du visiteur que Facebook collecte pour cr\u00e9er ces statistiques. Nous ne prenons \u00e9galement aucune d\u00e9cision concernant le traitement des donn\u00e9es Insight et de toutes les autres informations r\u00e9sultant de l&rsquo;Article 13 du RGPD, y compris la base juridique, l&rsquo;identit\u00e9 du responsable du traitement et la dur\u00e9e d\u2019enregistrement des cookies sur les terminaux des utilisateurs. Facebook s&rsquo;est engag\u00e9 envers nous \u00e0 assumer la responsabilit\u00e9 principale en vertu du RGPD pour le traitement de ces donn\u00e9es, \u00e0 remplir toutes les obligations d\u00e9coulant du RGPD concernant ces donn\u00e9es et \u00e0 mettre l&rsquo;essentiel de cette obligation \u00e0 la disposition des personnes concern\u00e9es (consulter \u00e0 cet effet le site suivant : <a href=\"https:\/\/www.facebook.com\/legal\/terms\/page_controller_addendum\" target=\"_blank\" rel=\"noopener\">https:\/\/www.facebook.com\/legal\/terms\/page_controller_addendum<\/a>).<\/p>\n<p>Facebook Ireland Ltd., 4 Grand Canal Square, Grand Canal Harbour, Dublin 2, Irlande)<br \/>\nD\u00e9claration de protection des donn\u00e9es : <a href=\"https:\/\/www.facebook.com\/about\/privacy\/\" target=\"_blank\" rel=\"noopener\">https:\/\/www.facebook.com\/about\/privacy\/<\/a><br \/>\nInformation sur les donn\u00e9es Insight : <a href=\"https:\/\/www.facebook.com\/legal\/terms\/information_about_page_insights_data\" target=\"_blank\" rel=\"noopener\">https:\/\/www.facebook.com\/legal\/terms\/information_about_page_insights_data<\/a><\/p>\n<p>Instagram<br \/>\nInstagram (Instagram Inc., 1601 Willow Road, Menlo Park, CA, 94025, USA)<br \/>\nD\u00e9claration de protection des donn\u00e9es : <a href=\"https:\/\/instagram.com\/about\/legal\/privacy\/\" target=\"_blank\" rel=\"noopener\">https:\/\/instagram.com\/about\/legal\/privacy\/<\/a><\/p>\n<p>Base juridique<br \/>\nDonn\u00e9es de communication : Pour communiquer avec vous, les bases juridiques suivantes sont prises en compte pour le traitement de vos donn\u00e9es, en fonction de la phase de contact :<\/p>\n<ul>\n<li>pour ex\u00e9cuter des mesures pr\u00e9-contractuelles ou pour ex\u00e9cuter un contrat, l&rsquo;Article 6, alin\u00e9a 1, lettre b) du RGPD s\u2019applique,<\/li>\n<li>pour remplir les obligations l\u00e9gales auxquelles nous sommes soumis, l&rsquo;Article 6, alin\u00e9a 1, lettre c) du RGPD s\u2019applique,<\/li>\n<li>pour pr\u00e9server nos int\u00e9r\u00eats l\u00e9gitimes, l&rsquo;Article 6, alin\u00e9a 1, lettre f) du RGPD s\u2019applique,<\/li>\n<li>si vous nous avez donn\u00e9 votre consentement au traitement des donn\u00e9es, l&rsquo;Article 6, alin\u00e9a 1, lettre a) du RGPD s\u2019applique.<\/li>\n<\/ul>\n<p>Autres traitements : Les autres traitements de donn\u00e9es utilis\u00e9s dans le cadre des r\u00e9seaux sociaux servent notre int\u00e9r\u00eat et celui du fournisseur respectif \u00e0 am\u00e9liorer l&rsquo;exp\u00e9rience utilisateur lors de la visite de nos profils d&rsquo;entreprise de mani\u00e8re cibl\u00e9e. La base juridique pour les traitements de donn\u00e9es est ainsi l\u2019Article 6, alin\u00e9a 1, lettre f) du RGPD. Si les fournisseurs respectifs des plateformes demandent aux utilisateurs leur consentement au traitement des donn\u00e9es indiqu\u00e9 pr\u00e9c\u00e9demment, la base l\u00e9gale du traitement est l&rsquo;Article 6, alin\u00e9a 1, lettre a) du RGPD.<\/p>\n<p>Dur\u00e9e de l\u2019enregistrement : Nous supprimons les donn\u00e9es enregistr\u00e9es d\u00e8s qu&rsquo;il n&rsquo;est plus n\u00e9cessaire de les stocker ou que vous nous demandez de les supprimer ; dans le cas des obligations l\u00e9gales de conservation (g\u00e9n\u00e9ralement six ou dix ans), nous limitons le traitement des donn\u00e9es stock\u00e9es en cons\u00e9quence, \u00e0 moins qu&rsquo;une conservation plus longue ne soit n\u00e9cessaire pour d\u00e9fendre des pr\u00e9tentions l\u00e9gales.<\/p>\n<p>Destinataire : Nous ne transmettons pas vos donn\u00e9es collect\u00e9es \u00e0 des tiers. Cependant, nous ne pouvons pas exclure et n&rsquo;avons aucune influence sur la mesure dans laquelle les op\u00e9rateurs des r\u00e9seaux respectifs transmettent vos donn\u00e9es \u00e0 des tiers (par exemple, des partenaires commerciaux, des soci\u00e9t\u00e9s de publicit\u00e9, etc.).<\/p>\n<p>Transfert vers des pays tiers : Nous attirons votre attention sur le fait que les donn\u00e9es des visiteurs sur les r\u00e9seaux sociaux peuvent \u00e9galement \u00eatre trait\u00e9es en dehors de l&rsquo;Union europ\u00e9enne. Cela peut entra\u00eener des risques pour les utilisateurs car, par exemple, l&rsquo;application des droits des utilisateurs pourrait \u00eatre rendue plus difficile.<\/p>\n<p>Vos droits en tant que personne concern\u00e9e : En compl\u00e9ment de la section \u00ab Vos droits en tant que personne concern\u00e9e \u00bb, nous attirons votre attention sur le fait que vous pouvez faire valoir le plus efficacement vos droits, notamment les demandes d&rsquo;informations, aupr\u00e8s des prestataires. Seuls les prestataires ont acc\u00e8s aux donn\u00e9es des utilisateurs, peuvent directement prendre les mesures appropri\u00e9es et fournir des informations. Si vous avez encore besoin d&rsquo;aide, n\u2019h\u00e9sitez pas \u00e0 nous contacter.<\/p>\n<h3 id=\"declaration-de-protection-des-donnees-10\">10. Protection des donn\u00e9es enregistr\u00e9es<\/h3>\n<p>Nous utilisons des mesures de s\u00e9curit\u00e9 techniques et organisationnelles pour prot\u00e9ger les donn\u00e9es \u00e0 caract\u00e8re personnel que vous avez mises \u00e0 notre disposition contre la manipulation, la perte, la destruction ou l&rsquo;acc\u00e8s par des personnes non autoris\u00e9es. Nos mesures de s\u00e9curit\u00e9 sont continuellement am\u00e9lior\u00e9es et adapt\u00e9es conform\u00e9ment \u00e0 l\u2019\u00e9tat de la technique. Il n&rsquo;est pas exclu que des donn\u00e9es pr\u00e9cieuses non crypt\u00e9es puissent \u00eatre lues par des tiers. Il est \u00e0 noter qu&rsquo;en ce qui concerne la transmission de donn\u00e9es sur Internet (par exemple lors de la communication par courrier \u00e9lectronique), aucune transmission s\u00e9curis\u00e9e n&rsquo;est garantie. Les donn\u00e9es sensibles doivent donc soit ne pas \u00eatre transmises du tout, soit uniquement via une connexion s\u00e9curis\u00e9e (SSL).<\/p>\n<h3 id=\"declaration-de-protection-des-donnees-11\">11. Sous-traitants employ\u00e9s pour l\u2019exploitation du site Web<\/h3>\n<p>Des sous-traitants g\u00e8rent le c\u00f4t\u00e9 technique du site Web. Cela signifie que toutes les donn\u00e9es \u00e0 caract\u00e8re personnel peuvent \u00e9galement leur \u00eatre transmises. Les sous-traitants sont des fournisseurs d\u2019h\u00e9bergement et fournisseur de SGC (syst\u00e8me de gestion du contenu). Le fonctionnement du site Web se fait en utilisant le service externe.<\/p>\n<\/div><\/section><\/div><\/div><\/div><\/div><!-- close content main div --><\/div><\/div>\n<style type=\"text\/css\" data-created_by=\"avia_inline_auto\" id=\"style-css-av-2kof954-cc91ddb88ba9d59ed5cbb66063df5f85\">\n.avia-section.av-2kof954-cc91ddb88ba9d59ed5cbb66063df5f85{\nbackground-color:#ececec;\nbackground-image:unset;\n}\n.avia-section.av-2kof954-cc91ddb88ba9d59ed5cbb66063df5f85 .av-section-color-overlay{\nopacity:0.4;\nbackground-color:#ffffff;\n}\n<\/style>\n<div id='kontaktbereich'  class='avia-section av-2kof954-cc91ddb88ba9d59ed5cbb66063df5f85 main_color avia-section-huge avia-no-border-styling  avia-builder-el-6  el_after_av_section  avia-builder-el-last  avia-bg-style-parallax av-section-color-overlay-active container_wrap sidebar_right'  ><div class=\"av-section-color-overlay-wrap\"><div class=\"av-section-color-overlay\"><\/div><div class='container av-section-cont-open' ><div class='template-page content  av-content-small alpha units'><div class='post-entry post-entry-type-page post-entry-10664'><div class='entry-content-wrapper clearfix'>\n<div class='flex_column_table av-203s0lk-016ddc2f4aa77e33bcbe529520d6faa3 sc-av_one_full av-equal-height-column-flextable'>\n<style type=\"text\/css\" data-created_by=\"avia_inline_auto\" id=\"style-css-av-203s0lk-016ddc2f4aa77e33bcbe529520d6faa3\">\n.flex_column.av-203s0lk-016ddc2f4aa77e33bcbe529520d6faa3{\nborder-radius:0px 0px 0px 0px;\npadding:0px 0px 0px 0px;\n}\n<\/style>\n<div  class='flex_column av-203s0lk-016ddc2f4aa77e33bcbe529520d6faa3 av_one_full  avia-builder-el-7  avia-builder-el-no-sibling  first no_margin flex_column_table_cell av-equal-height-column av-align-middle av-zero-column-padding  '     ><section  class='av_textblock_section av-1sfcgfc-ba5ee513e8a72ce35db04c8f545de3bc '   itemscope=\"itemscope\" itemtype=\"https:\/\/schema.org\/CreativeWork\" ><div class='avia_textblock'  itemprop=\"text\" ><h3 id=\"padding80\" style=\"text-align: center;\">AVEZ-VOUS DES QUESTIONS OU PLANIFIEZ-VOUS UN NOUVEAU PROJET DE CONSTRUCTION ?<\/h3>\n<\/div><\/section><br \/>\n\n<style type=\"text\/css\" data-created_by=\"avia_inline_auto\" id=\"style-css-av-1245y4o-fcbb32e7281d21552230ac4d1cc52314\">\n#top .hr.hr-invisible.av-1245y4o-fcbb32e7281d21552230ac4d1cc52314{\nheight:25px;\n}\n<\/style>\n<div  class='hr av-1245y4o-fcbb32e7281d21552230ac4d1cc52314 hr-invisible  avia-builder-el-9  el_after_av_textblock  el_before_av_button '><span class='hr-inner '><span class=\"hr-inner-style\"><\/span><\/span><\/div><br \/>\n<div  class='avia-button-wrap av-2v4i7c-c7dae6b90783bde4aa58faab00e39cef-wrap avia-button-center  avia-builder-el-10  el_after_av_hr  avia-builder-el-last '>\n<style type=\"text\/css\" data-created_by=\"avia_inline_auto\" id=\"style-css-av-2v4i7c-c7dae6b90783bde4aa58faab00e39cef\">\n#top #wrap_all .avia-button.av-2v4i7c-c7dae6b90783bde4aa58faab00e39cef{\nbackground-color:#024a94;\nborder-color:#024a94;\ncolor:#ffffff;\ntransition:all 0.4s ease-in-out;\n}\n#top #wrap_all .avia-button.av-2v4i7c-c7dae6b90783bde4aa58faab00e39cef .avia-svg-icon svg:first-child{\nfill:#ffffff;\nstroke:#ffffff;\n}\n<\/style>\n<a href='https:\/\/rawie.de\/fr\/contact\/'  class='avia-button av-2v4i7c-c7dae6b90783bde4aa58faab00e39cef av-link-btn avia-icon_select-no avia-size-x-large avia-position-center'   aria-label=\"N\u2019HESITEZ PAS A NOUS CONTACTER.\"><span class='avia_iconbox_title' >N\u2019HESITEZ PAS A NOUS CONTACTER.<\/span><\/a><\/div><\/p><\/div><\/div><!--close column table wrapper. Autoclose: 1 -->\n<\/div><\/div><\/div><!-- close content main div --><\/div><\/div><\/div><div id='after_section_3'  class='main_color av_default_container_wrap container_wrap sidebar_right'  ><div class='container av-section-cont-open' ><div class='template-page content  av-content-small alpha units'><div class='post-entry post-entry-type-page post-entry-10664'><div class='entry-content-wrapper clearfix'><\/p>\n","protected":false},"excerpt":{"rendered":"","protected":false},"author":1,"featured_media":0,"parent":0,"menu_order":0,"comment_status":"closed","ping_status":"closed","template":"","meta":{"footnotes":""},"class_list":["post-10664","page","type-page","status-publish","hentry"],"yoast_head":"<!-- This site is optimized with the Yoast SEO plugin v28.4 - https:\/\/yoast.com\/product\/yoast-seo-wordpress\/ -->\n<title>Declaration De Protection Des Donnees : RAWIE - Barrieres, Heurtoirs, Systems D&#039;Acces<\/title>\n<meta name=\"description\" content=\"Le responsable du traitement conform\u00e9ment \u00e0 l\u2019Article 4 alin\u00e9a 7 du R\u00e8glement G\u00e9n\u00e9ral de la Protection des Donn\u00e9es de l\u2019Union Europ\u00e9enne (RGPD) est\" \/>\n<meta name=\"robots\" content=\"noindex, follow\" \/>\n<meta property=\"og:locale\" content=\"fr_FR\" \/>\n<meta property=\"og:type\" content=\"article\" \/>\n<meta property=\"og:title\" content=\"Declaration De Protection Des Donnees : RAWIE - Barrieres, Heurtoirs, Systems D&#039;Acces\" \/>\n<meta property=\"og:description\" content=\"Le responsable du traitement conform\u00e9ment \u00e0 l\u2019Article 4 alin\u00e9a 7 du R\u00e8glement G\u00e9n\u00e9ral de la Protection des Donn\u00e9es de l\u2019Union Europ\u00e9enne (RGPD) est\" \/>\n<meta property=\"og:url\" content=\"https:\/\/rawie.de\/fr\/declaration-de-protection-des-donnees\/\" \/>\n<meta property=\"og:site_name\" content=\"A. Rawie GmbH &amp; Co. KG\" \/>\n<meta property=\"article:modified_time\" content=\"2026-06-22T13:28:38+00:00\" \/>\n<meta name=\"twitter:card\" content=\"summary_large_image\" \/>\n<meta name=\"twitter:label1\" content=\"Dur\u00e9e de lecture estim\u00e9e\" \/>\n\t<meta name=\"twitter:data1\" content=\"20 minutes\" \/>\n<script type=\"application\/ld+json\" class=\"yoast-schema-graph\">{\"@context\":\"https:\\\/\\\/schema.org\",\"@graph\":[{\"@type\":\"WebPage\",\"@id\":\"https:\\\/\\\/rawie.de\\\/fr\\\/declaration-de-protection-des-donnees\\\/\",\"url\":\"https:\\\/\\\/rawie.de\\\/fr\\\/declaration-de-protection-des-donnees\\\/\",\"name\":\"Declaration De Protection Des Donnees : RAWIE - Barrieres, Heurtoirs, Systems D'Acces\",\"isPartOf\":{\"@id\":\"https:\\\/\\\/rawie.de\\\/fr\\\/#website\"},\"datePublished\":\"2018-03-12T16:27:37+00:00\",\"dateModified\":\"2026-06-22T13:28:38+00:00\",\"description\":\"Le responsable du traitement conform\u00e9ment \u00e0 l\u2019Article 4 alin\u00e9a 7 du R\u00e8glement G\u00e9n\u00e9ral de la Protection des Donn\u00e9es de l\u2019Union Europ\u00e9enne (RGPD) est\",\"breadcrumb\":{\"@id\":\"https:\\\/\\\/rawie.de\\\/fr\\\/declaration-de-protection-des-donnees\\\/#breadcrumb\"},\"inLanguage\":\"fr-FR\",\"potentialAction\":[{\"@type\":\"ReadAction\",\"target\":[\"https:\\\/\\\/rawie.de\\\/fr\\\/declaration-de-protection-des-donnees\\\/\"]}]},{\"@type\":\"BreadcrumbList\",\"@id\":\"https:\\\/\\\/rawie.de\\\/fr\\\/declaration-de-protection-des-donnees\\\/#breadcrumb\",\"itemListElement\":[{\"@type\":\"ListItem\",\"position\":1,\"name\":\"Startseite\",\"item\":\"https:\\\/\\\/rawie.de\\\/fr\\\/\"},{\"@type\":\"ListItem\",\"position\":2,\"name\":\"Declaration De Protection Des Donnees\"}]},{\"@type\":\"WebSite\",\"@id\":\"https:\\\/\\\/rawie.de\\\/fr\\\/#website\",\"url\":\"https:\\\/\\\/rawie.de\\\/fr\\\/\",\"name\":\"A. Rawie GmbH &amp; Co. KG\",\"description\":\"Schranken, Prellb\u00f6cke, Zugangssysteme\",\"potentialAction\":[{\"@type\":\"SearchAction\",\"target\":{\"@type\":\"EntryPoint\",\"urlTemplate\":\"https:\\\/\\\/rawie.de\\\/fr\\\/?s={search_term_string}\"},\"query-input\":{\"@type\":\"PropertyValueSpecification\",\"valueRequired\":true,\"valueName\":\"search_term_string\"}}],\"inLanguage\":\"fr-FR\"}]}<\/script>\n<!-- \/ Yoast SEO plugin. -->","yoast_head_json":{"title":"Declaration De Protection Des Donnees : RAWIE - Barrieres, Heurtoirs, Systems D'Acces","description":"Le responsable du traitement conform\u00e9ment \u00e0 l\u2019Article 4 alin\u00e9a 7 du R\u00e8glement G\u00e9n\u00e9ral de la Protection des Donn\u00e9es de l\u2019Union Europ\u00e9enne (RGPD) est","robots":{"index":"noindex","follow":"follow"},"og_locale":"fr_FR","og_type":"article","og_title":"Declaration De Protection Des Donnees : RAWIE - Barrieres, Heurtoirs, Systems D'Acces","og_description":"Le responsable du traitement conform\u00e9ment \u00e0 l\u2019Article 4 alin\u00e9a 7 du R\u00e8glement G\u00e9n\u00e9ral de la Protection des Donn\u00e9es de l\u2019Union Europ\u00e9enne (RGPD) est","og_url":"https:\/\/rawie.de\/fr\/declaration-de-protection-des-donnees\/","og_site_name":"A. Rawie GmbH &amp; Co. KG","article_modified_time":"2026-06-22T13:28:38+00:00","twitter_card":"summary_large_image","twitter_misc":{"Dur\u00e9e de lecture estim\u00e9e":"20 minutes"},"schema":{"@context":"https:\/\/schema.org","@graph":[{"@type":"WebPage","@id":"https:\/\/rawie.de\/fr\/declaration-de-protection-des-donnees\/","url":"https:\/\/rawie.de\/fr\/declaration-de-protection-des-donnees\/","name":"Declaration De Protection Des Donnees : RAWIE - Barrieres, Heurtoirs, Systems D'Acces","isPartOf":{"@id":"https:\/\/rawie.de\/fr\/#website"},"datePublished":"2018-03-12T16:27:37+00:00","dateModified":"2026-06-22T13:28:38+00:00","description":"Le responsable du traitement conform\u00e9ment \u00e0 l\u2019Article 4 alin\u00e9a 7 du R\u00e8glement G\u00e9n\u00e9ral de la Protection des Donn\u00e9es de l\u2019Union Europ\u00e9enne (RGPD) est","breadcrumb":{"@id":"https:\/\/rawie.de\/fr\/declaration-de-protection-des-donnees\/#breadcrumb"},"inLanguage":"fr-FR","potentialAction":[{"@type":"ReadAction","target":["https:\/\/rawie.de\/fr\/declaration-de-protection-des-donnees\/"]}]},{"@type":"BreadcrumbList","@id":"https:\/\/rawie.de\/fr\/declaration-de-protection-des-donnees\/#breadcrumb","itemListElement":[{"@type":"ListItem","position":1,"name":"Startseite","item":"https:\/\/rawie.de\/fr\/"},{"@type":"ListItem","position":2,"name":"Declaration De Protection Des Donnees"}]},{"@type":"WebSite","@id":"https:\/\/rawie.de\/fr\/#website","url":"https:\/\/rawie.de\/fr\/","name":"A. Rawie GmbH &amp; Co. KG","description":"Schranken, Prellb\u00f6cke, Zugangssysteme","potentialAction":[{"@type":"SearchAction","target":{"@type":"EntryPoint","urlTemplate":"https:\/\/rawie.de\/fr\/?s={search_term_string}"},"query-input":{"@type":"PropertyValueSpecification","valueRequired":true,"valueName":"search_term_string"}}],"inLanguage":"fr-FR"}]}},"_links":{"self":[{"href":"https:\/\/rawie.de\/fr\/wp-json\/wp\/v2\/pages\/10664","targetHints":{"allow":["GET"]}}],"collection":[{"href":"https:\/\/rawie.de\/fr\/wp-json\/wp\/v2\/pages"}],"about":[{"href":"https:\/\/rawie.de\/fr\/wp-json\/wp\/v2\/types\/page"}],"author":[{"embeddable":true,"href":"https:\/\/rawie.de\/fr\/wp-json\/wp\/v2\/users\/1"}],"replies":[{"embeddable":true,"href":"https:\/\/rawie.de\/fr\/wp-json\/wp\/v2\/comments?post=10664"}],"version-history":[{"count":11,"href":"https:\/\/rawie.de\/fr\/wp-json\/wp\/v2\/pages\/10664\/revisions"}],"predecessor-version":[{"id":15844,"href":"https:\/\/rawie.de\/fr\/wp-json\/wp\/v2\/pages\/10664\/revisions\/15844"}],"wp:attachment":[{"href":"https:\/\/rawie.de\/fr\/wp-json\/wp\/v2\/media?parent=10664"}],"curies":[{"name":"wp","href":"https:\/\/api.w.org\/{rel}","templated":true}]}}